{"id":28353,"date":"2021-09-15T13:28:41","date_gmt":"2021-09-15T11:28:41","guid":{"rendered":"https:\/\/tempo.dam-online.de\/?post_type=tribe_events&#038;p=28353"},"modified":"2021-11-15T11:48:47","modified_gmt":"2021-11-15T10:48:47","slug":"stadtplus-die-stadt-die-bausuenden-2","status":"publish","type":"tribe_events","link":"https:\/\/tempo.dam-online.de\/en\/veranstaltung\/stadtplus-die-stadt-die-bausuenden-2\/","title":{"rendered":"WIRD VERSCHOBEN: STADTplus: Die Stadt + die Baus\u00fcnden"},"content":{"rendered":"<h3>WIRD VERSCHOBEN<\/h3>\n<p><strong>Die Stadt + DIE BAUS\u00dcNDEN<br \/>\nWie wir lernen, ungeliebte Geb\u00e4ude wertzusch\u00e4tzen<\/strong><\/p>\n<p><strong>Turit Fr\u00f6be, Architekturhistorikerin und Urbanistin<\/strong><\/p>\n<p>Die Architekturhistorikerin Turit Fr\u00f6be geht auf einzigartige Entdeckungsreise: Sie zeigt Kirchen im Parkhaus- oder Bunkerstil, Erker-Eier am Plattenbau, Schizoh\u00e4user mit zwei Gesichtern \u2013 und beweist, dass gute Baus\u00fcnden bei genauerer Betrachtung durchaus eine gewisse Sch\u00f6nheit und einen ureigenen Charme entfalten k\u00f6nnen. Baus\u00fcnden haben es in den Innenst\u00e4dten immer schwerer. Reihenweise fallen sie der Abrissbirne zum Opfer oder werden hinter Spiegelglas versteckt. Doch gut gemachte, originelle Baus\u00fcnden sind besser als ihr Ruf. W\u00e4hrend die Stadtzentren immer gesichtsloser werden, ist die Baus\u00fcndenkultur in Einfamilienhausgebieten noch lebendig: Alles, was m\u00f6glich ist, ist erlaubt und findet Nachahmer, bietet kreative Anregungen.<\/p>\n<p>Turit Fr\u00f6be ist Architekturhistorikerin, Urbanistin und Baukulturvermittlerin. Seit 2001 besch\u00e4ftigt sie sich leidenschaftlich mit dem Thema Baus\u00fcnden. Sie besitzt nicht nur ein umfangreiches Archiv, sondern auch eine Expertise im Aufsp\u00fcren von Architekturen, die aus der Reihe tanzen. Mit ihrem Buch \u203aDie Kunst der Baus\u00fcnde\u2039 ist es ihr auf humorvolle Weise gelungen, eine Lanze f\u00fcr die Baus\u00fcnde zu brechen, viele Menschen zum Umdenken zu bewegen und die vermeintlich h\u00e4ssliche Architektur zu rehabilitieren.<strong><br \/>\n<\/strong><\/p>\n<p><strong>STADTplus \u2013 Themen, die die Stadt bewegen<\/strong><\/p>\n<p>Immer mittwochs, Beginn 19 Uhr,<br \/>\n\u00bd Stunde Vortrag,<br \/>\nDiskussion und Getr\u00e4nke an der Bar.<\/p>\n<p>Das DAM zu Gast im Danzig am Platz,<br \/>\nEintritt frei &#8211; wir freuen uns \u00fcber eine Spende!<\/p>\n<p><em>Wir bitten um Verst\u00e4ndnis, dass Corona-bedingt die Anzahl der Pl\u00e4tze im Danzig am Platz begrenzt ist. Bitte kommen Sie rechtzeitig! Bitte beachten Sie am Veranstaltungsort die 2G-Regelung (Geimpft oder Genesen), die Pflicht zum Tragen eines MNS sowie die Erfassung Ihrer Kontaktdaten.\u00a0<\/em><\/p>\n","protected":false},"excerpt":{"rendered":"<p>Wie wir lernen, ungeliebte Geb\u00e4ude wertzusch\u00e4tzen<\/p>\n","protected":false},"author":7,"featured_media":28341,"template":"","meta":{"_acf_changed":false,"_et_pb_use_builder":"","_et_pb_old_content":"","_et_gb_content_width":"","_tribe_events_status":"","_tribe_events_status_reason":"","_tribe_events_is_hybrid":"","_tribe_events_is_virtual":"","_tribe_events_virtual_video_source":"","_tribe_events_virtual_embed_video":"","_tribe_events_virtual_linked_button_text":"","_tribe_events_virtual_linked_button":"","_tribe_events_virtual_show_embed_at":"","_tribe_events_virtual_show_embed_to":[],"_tribe_events_virtual_show_on_event":"","_tribe_events_virtual_show_on_views":"","_tribe_events_virtual_url":"","footnotes":""},"tags":[233],"veranstaltungs_formate":[129],"tribe_events_cat":[253],"hf_cat_tribe_events":[],"class_list":["post-28353","tribe_events","type-tribe_events","status-publish","has-post-thumbnail","hentry","tag-mega-menu-en","veranstaltungs_formate-vortragsreihe","veranstaltungs_bedingungen-extern","veranstaltungs_bedingungen-freier-eintritt","tribe_events_cat-veranstaltung-en","cat_veranstaltung-en"],"acf":[],"_links":{"self":[{"href":"https:\/\/tempo.dam-online.de\/en\/wp-json\/wp\/v2\/tribe_events\/28353","targetHints":{"allow":["GET"]}}],"collection":[{"href":"https:\/\/tempo.dam-online.de\/en\/wp-json\/wp\/v2\/tribe_events"}],"about":[{"href":"https:\/\/tempo.dam-online.de\/en\/wp-json\/wp\/v2\/types\/tribe_events"}],"author":[{"embeddable":true,"href":"https:\/\/tempo.dam-online.de\/en\/wp-json\/wp\/v2\/users\/7"}],"version-history":[{"count":0,"href":"https:\/\/tempo.dam-online.de\/en\/wp-json\/wp\/v2\/tribe_events\/28353\/revisions"}],"wp:featuredmedia":[{"embeddable":true,"href":"https:\/\/tempo.dam-online.de\/en\/wp-json\/wp\/v2\/media\/28341"}],"wp:attachment":[{"href":"https:\/\/tempo.dam-online.de\/en\/wp-json\/wp\/v2\/media?parent=28353"}],"wp:term":[{"taxonomy":"post_tag","embeddable":true,"href":"https:\/\/tempo.dam-online.de\/en\/wp-json\/wp\/v2\/tags?post=28353"},{"taxonomy":"veranstaltungs_formate","embeddable":true,"href":"https:\/\/tempo.dam-online.de\/en\/wp-json\/wp\/v2\/veranstaltungs_formate?post=28353"},{"taxonomy":"tribe_events_cat","embeddable":true,"href":"https:\/\/tempo.dam-online.de\/en\/wp-json\/wp\/v2\/tribe_events_cat?post=28353"},{"taxonomy":"hf_cat_tribe_events","embeddable":true,"href":"https:\/\/tempo.dam-online.de\/en\/wp-json\/wp\/v2\/hf_cat_tribe_events?post=28353"}],"curies":[{"name":"wp","href":"https:\/\/api.w.org\/{rel}","templated":true}]}}